{"id":4441,"date":"2024-05-14T04:34:58","date_gmt":"2024-05-14T02:34:58","guid":{"rendered":"https:\/\/caroconfort.com\/nos-showrooms\/showroom-fliesen-namur-rhisnes\/"},"modified":"2025-04-03T21:26:31","modified_gmt":"2025-04-03T19:26:31","slug":"showroom-fliesen-namur-rhisnes","status":"publish","type":"showrooms","link":"https:\/\/caroconfort.com\/de\/nos-showrooms\/showroom-fliesen-namur-rhisnes\/","title":{"rendered":"Showroom Fliesen Namur (Rhisnes)"},"content":{"rendered":"\t\t<div data-elementor-type=\"wp-post\" data-elementor-id=\"4441\" class=\"elementor elementor-4441 elementor-720\" data-elementor-post-type=\"showrooms\">\n\t\t\t\t<div class=\"elementor-element elementor-element-309946e3 e-con-full elementor-repeater-item-ang_container_padding_7 e-flex sk-none elementor-repeater-item-none elementor-repeater-item-none_hover e-con e-parent\" data-id=\"309946e3\" data-element_type=\"container\" data-e-type=\"container\" data-settings=\"{&quot;background_background&quot;:&quot;classic&quot;,&quot;ang_container_spacing_size&quot;:&quot;ang_container_padding_7&quot;}\">\n\t\t<div class=\"elementor-element elementor-element-777c4cac e-con-full e-flex elementor-repeater-item-default_padding sk-none elementor-repeater-item-none elementor-repeater-item-none_hover e-con e-child\" data-id=\"777c4cac\" data-element_type=\"container\" data-e-type=\"container\" data-settings=\"{&quot;background_background&quot;:&quot;classic&quot;,&quot;ang_container_spacing_size&quot;:&quot;default_padding&quot;}\">\n\t\t\t\t<div class=\"elementor-element elementor-element-11a6f47 elementor-widget__width-initial elementor-repeater-item-none elementor-repeater-item-none_hover elementor-widget elementor-widget-text-editor\" data-id=\"11a6f47\" data-element_type=\"widget\" data-e-type=\"widget\" data-widget_type=\"text-editor.default\">\n\t\t\t\t<div class=\"elementor-widget-container\">\n\t\t\t\t\t\t\t\t\t<h2>Eine Innenarchitektin und eine Dekorationsspezialistin stehen Ihnen zur Verf\u00fcgung, um Sie zu beraten.<\/h2>\n\t\t\t\t\t\t\t\t<\/div>\n\t\t\t\t<\/div>\n\t\t\t\t<\/div>\n\t\t<div class=\"elementor-element elementor-element-25d61215 e-con-full e-flex elementor-repeater-item-default_padding elementor-repeater-item-none elementor-repeater-item-none_hover e-con e-child\" data-id=\"25d61215\" data-element_type=\"container\" data-e-type=\"container\" data-settings=\"{&quot;ang_container_spacing_size&quot;:&quot;default_padding&quot;}\">\n\t\t\t\t<div class=\"elementor-element elementor-element-256a7396 elementor-repeater-item-none elementor-repeater-item-none_hover elementor-widget elementor-widget-heading\" data-id=\"256a7396\" data-element_type=\"widget\" data-e-type=\"widget\" data-widget_type=\"heading.default\">\n\t\t\t\t<div class=\"elementor-widget-container\">\n\t\t\t\t\t<h2 class=\"elementor-heading-title elementor-size-default\">Die Gr\u00fcnde f\u00fcr den Erfolg?<\/h2>\t\t\t\t<\/div>\n\t\t\t\t<\/div>\n\t\t\t\t<div class=\"elementor-element elementor-element-3e18701f elementor-repeater-item-none elementor-repeater-item-none_hover elementor-widget elementor-widget-text-editor\" data-id=\"3e18701f\" data-element_type=\"widget\" data-e-type=\"widget\" data-widget_type=\"text-editor.default\">\n\t\t\t\t<div class=\"elementor-widget-container\">\n\t\t\t\t\t\t\t\t\t<ul>\n<li>Ein Fliesen-Showroom von \u00fcber 600 m\u00b2, der st\u00e4ndig mit den letzten Neuheiten aktualisiert wird.<\/li>\n<li>Qualifizierte Berater (Innenarchitekten oder Fliesenfachleute), die Sie beraten und begleiten.<\/li>\n<li>Eine gro\u00dfe Auswahl f\u00fcr jeden Geschmack und jedes Budget direkt vom Hersteller.<\/li>\n<li>Ein gro\u00dfer Vorrat, der sofort verf\u00fcgbar ist, sowohl an Fliesen als auch an technischen Produkten: Kleber, Fugen, Schalld\u00e4mmung, WEDI-Platten, SCHL\u00dcTER-Produkte, OTTO-CHEMIE-Silikone, etc.<\/li>\n<\/ul>\n\t\t\t\t\t\t\t\t<\/div>\n\t\t\t\t<\/div>\n\t\t\t\t<\/div>\n\t\t\t\t<\/div>\n\t\t<div class=\"elementor-element elementor-element-256c1f9c elementor-repeater-item-ang_container_padding_6 e-flex e-con-boxed elementor-repeater-item-none elementor-repeater-item-none_hover e-con e-parent\" data-id=\"256c1f9c\" data-element_type=\"container\" data-e-type=\"container\" data-settings=\"{&quot;ang_container_spacing_size&quot;:&quot;ang_container_padding_6&quot;}\">\n\t\t\t\t\t<div class=\"e-con-inner\">\n\t\t<div class=\"elementor-element elementor-element-5c84ea79 e-con-full e-flex elementor-repeater-item-default_padding elementor-repeater-item-none elementor-repeater-item-none_hover e-con e-child\" data-id=\"5c84ea79\" data-element_type=\"container\" data-e-type=\"container\" data-settings=\"{&quot;ang_container_spacing_size&quot;:&quot;default_padding&quot;}\">\n\t\t\t\t<div class=\"elementor-element elementor-element-d40b581 elementor-repeater-item-none elementor-repeater-item-none_hover elementor-widget elementor-widget-heading\" data-id=\"d40b581\" data-element_type=\"widget\" data-e-type=\"widget\" data-widget_type=\"heading.default\">\n\t\t\t\t<div class=\"elementor-widget-container\">\n\t\t\t\t\t<h2 class=\"elementor-heading-title elementor-size-default\">Informationen \u00fcber das Gesch\u00e4ft \nCaro Confort in Namur<\/h2>\t\t\t\t<\/div>\n\t\t\t\t<\/div>\n\t\t\t\t<div class=\"elementor-element elementor-element-8ce49fa elementor-repeater-item-none elementor-repeater-item-none_hover elementor-widget elementor-widget-text-editor\" data-id=\"8ce49fa\" data-element_type=\"widget\" data-e-type=\"widget\" data-widget_type=\"text-editor.default\">\n\t\t\t\t<div class=\"elementor-widget-container\">\n\t\t\t\t\t\t\t\t\t<p><strong>\u00d6ffnungszeiten des Showrooms in Namur<\/strong><\/p>\n<ul>\n<li>Montag bis Freitag von 9 bis 12 Uhr und von 13 bis 18 Uhr.<\/li>\n<li>Samstag: von 9 bis 17 Uhr.<\/li>\n<\/ul>\n<p><strong>\u00d6ffnungszeiten des Depots (zur Abholung)<\/strong><\/p>\n<ul>\n<li>Montag bis Freitag von 7.30 bis 12.00 Uhr und von 13.00 bis 17.30 Uhr.<\/li>\n<li>Samstag von 9 bis 12 Uhr &#8211; Keine Abholungen am Samstagnachmittag!<\/li>\n<\/ul>\n<p><strong>Wir erstellen Ihre Badezimmerpl\u00e4ne in 3D!<\/strong><\/p>\n<p>Die 3D-Pl\u00e4ne werden von Ihrem Berater nach dem ersten Gespr\u00e4ch erstellt. Anschlie\u00dfend wird ein zweiter Termin f\u00fcr die Pr\u00e4sentation vereinbart (ungef\u00e4hr eine Woche sp\u00e4ter).<\/p>\n<p>In unserem Showroom in Rhisnes k\u00f6nnen Sie auch &#8222;Weitzer Parkett&#8220; in einer wundersch\u00f6nen Pr\u00e4sentationsfl\u00e4che sehen.<\/p>\n\t\t\t\t\t\t\t\t<\/div>\n\t\t\t\t<\/div>\n\t\t\t\t<\/div>\n\t\t<div class=\"elementor-element elementor-element-7b6568e1 e-con-full e-flex elementor-repeater-item-default_padding elementor-repeater-item-none elementor-repeater-item-none_hover e-con e-child\" data-id=\"7b6568e1\" data-element_type=\"container\" data-e-type=\"container\" data-settings=\"{&quot;ang_container_spacing_size&quot;:&quot;default_padding&quot;}\">\n\t\t\t\t<div class=\"elementor-element elementor-element-2f333d5 elementor-repeater-item-none elementor-repeater-item-none_hover elementor-widget elementor-widget-shortcode\" data-id=\"2f333d5\" data-element_type=\"widget\" data-e-type=\"widget\" data-widget_type=\"shortcode.default\">\n\t\t\t\t<div class=\"elementor-widget-container\">\n\t\t\t\t\t\t\t<div class=\"elementor-shortcode\"><iframe loading=\"lazy\" src=\"https:\/\/www.google.com\/maps\/embed?pb=!4v1604578126357!6m8!1m7!1sCAoSLEFGMVFpcFBDay1SNW1vdkRpbUJuRF9KMVZiSDdSWUUtRnotMlNXQkJGaGJh!2m2!1d50.49539518764978!2d4.802294839134106!3f180.94904352771744!4f13.062601134126155!5f0.7820865974627469\" width=\"100%\" height=\"500\" frameborder=\"0\" style=\"border:0;\" allowfullscreen=\"\" aria-hidden=\"false\" tabindex=\"0\" data-rocket-lazyload=\"fitvidscompatible\" data-lazy-src=\"https:\/\/www.google.com\/maps\/embed?pb=!4v1604578126357!6m8!1m7!1sCAoSLEFGMVFpcFBDay1SNW1vdkRpbUJuRF9KMVZiSDdSWUUtRnotMlNXQkJGaGJh!2m2!1d50.49539518764978!2d4.802294839134106!3f180.94904352771744!4f13.062601134126155!5f0.7820865974627469\" data-ll-status=\"loaded\" class=\"entered exited lazyloaded\"><\/iframe><\/div>\n\t\t\t\t\t\t<\/div>\n\t\t\t\t<\/div>\n\t\t\t\t<\/div>\n\t\t\t\t\t<\/div>\n\t\t\t\t<\/div>\n\t\t<div class=\"elementor-element elementor-element-3de405c5 elementor-repeater-item-ang_container_padding_8 e-flex e-con-boxed sk-none elementor-repeater-item-none elementor-repeater-item-none_hover e-con e-parent\" data-id=\"3de405c5\" data-element_type=\"container\" data-e-type=\"container\" data-settings=\"{&quot;background_background&quot;:&quot;classic&quot;,&quot;ang_container_spacing_size&quot;:&quot;ang_container_padding_8&quot;}\">\n\t\t\t\t\t<div class=\"e-con-inner\">\n\t\t<div class=\"elementor-element elementor-element-1df6a596 e-con-full e-flex elementor-repeater-item-default_padding elementor-repeater-item-none elementor-repeater-item-none_hover e-con e-child\" data-id=\"1df6a596\" data-element_type=\"container\" data-e-type=\"container\" data-settings=\"{&quot;ang_container_spacing_size&quot;:&quot;default_padding&quot;}\">\n\t\t\t\t<div class=\"elementor-element elementor-element-728ecd67 elementor-repeater-item-none elementor-repeater-item-none_hover elementor-widget elementor-widget-heading\" data-id=\"728ecd67\" data-element_type=\"widget\" data-e-type=\"widget\" data-widget_type=\"heading.default\">\n\t\t\t\t<div class=\"elementor-widget-container\">\n\t\t\t\t\t<h2 class=\"elementor-heading-title elementor-size-default\">Ein ganzes Team <span>zu Ihren Diensten<\/span><\/h2>\t\t\t\t<\/div>\n\t\t\t\t<\/div>\n\t\t\t\t<div class=\"elementor-element elementor-element-6c4386f6 elementor-repeater-item-none elementor-repeater-item-none_hover elementor-widget elementor-widget-text-editor\" data-id=\"6c4386f6\" data-element_type=\"widget\" data-e-type=\"widget\" data-widget_type=\"text-editor.default\">\n\t\t\t\t<div class=\"elementor-widget-container\">\n\t\t\t\t\t\t\t\t\t<p>Unser Team steht Ihnen zur Verf\u00fcgung, um alle Ihre Fragen zu beantworten.<\/p>\n\t\t\t\t\t\t\t\t<\/div>\n\t\t\t\t<\/div>\n\t\t\t\t<\/div>\n\t\t<div class=\"elementor-element elementor-element-ef60885 e-con-full elementor-repeater-item-ang_container_padding_7 e-flex sk-none elementor-repeater-item-none elementor-repeater-item-none_hover e-con e-child\" data-id=\"ef60885\" data-element_type=\"container\" data-e-type=\"container\" data-settings=\"{&quot;background_background&quot;:&quot;classic&quot;,&quot;ang_container_spacing_size&quot;:&quot;ang_container_padding_7&quot;}\">\n\t\t\t\t<div class=\"elementor-element elementor-element-2c1f84d elementor-position-top elementor-repeater-item-none elementor-repeater-item-none_hover elementor-widget elementor-widget-image-box\" data-id=\"2c1f84d\" data-element_type=\"widget\" data-e-type=\"widget\" data-widget_type=\"image-box.default\">\n\t\t\t\t<div class=\"elementor-widget-container\">\n\t\t\t\t\t<div class=\"elementor-image-box-wrapper\"><figure class=\"elementor-image-box-img\"><img fetchpriority=\"high\" decoding=\"async\" width=\"246\" height=\"246\" src=\"https:\/\/caroconfort.com\/wp-content\/uploads\/2024\/05\/salle-de-bain-carroconfort.jpg\" class=\"attachment-full size-full wp-image-348\" alt=\"\" srcset=\"https:\/\/caroconfort.com\/wp-content\/uploads\/2024\/05\/salle-de-bain-carroconfort.jpg 246w, https:\/\/caroconfort.com\/wp-content\/uploads\/2024\/05\/salle-de-bain-carroconfort-150x150.jpg 150w\" sizes=\"(max-width: 246px) 100vw, 246px\" \/><\/figure><div class=\"elementor-image-box-content\"><p class=\"elementor-image-box-title\">Fercot Laurent<\/p><p class=\"elementor-image-box-description\">Verkaufsberater,<br> Verantwortlicher f\u00fcr die Website<\/p><\/div><\/div>\t\t\t\t<\/div>\n\t\t\t\t<\/div>\n\t\t\t\t<div class=\"elementor-element elementor-element-7cde5c1 elementor-position-top elementor-repeater-item-none elementor-repeater-item-none_hover elementor-widget elementor-widget-image-box\" data-id=\"7cde5c1\" data-element_type=\"widget\" data-e-type=\"widget\" data-widget_type=\"image-box.default\">\n\t\t\t\t<div class=\"elementor-widget-container\">\n\t\t\t\t\t<div class=\"elementor-image-box-wrapper\"><figure class=\"elementor-image-box-img\"><img decoding=\"async\" width=\"247\" height=\"247\" src=\"https:\/\/caroconfort.com\/wp-content\/uploads\/2024\/05\/magasin-caro-confort-marazzi-oltre-imitation-parquet-showroom-carrelages.jpg\" class=\"attachment-full size-full wp-image-373\" alt=\"\" srcset=\"https:\/\/caroconfort.com\/wp-content\/uploads\/2024\/05\/magasin-caro-confort-marazzi-oltre-imitation-parquet-showroom-carrelages.jpg 247w, https:\/\/caroconfort.com\/wp-content\/uploads\/2024\/05\/magasin-caro-confort-marazzi-oltre-imitation-parquet-showroom-carrelages-150x150.jpg 150w\" sizes=\"(max-width: 247px) 100vw, 247px\" \/><\/figure><div class=\"elementor-image-box-content\"><p class=\"elementor-image-box-title\">Scrayen Anouck<\/p><p class=\"elementor-image-box-description\">Innenarchitektin,<br> Beraterin-Verk\u00e4uferin<\/p><\/div><\/div>\t\t\t\t<\/div>\n\t\t\t\t<\/div>\n\t\t\t\t<div class=\"elementor-element elementor-element-1b23e8b elementor-position-top elementor-repeater-item-none elementor-repeater-item-none_hover elementor-widget elementor-widget-image-box\" data-id=\"1b23e8b\" data-element_type=\"widget\" data-e-type=\"widget\" data-widget_type=\"image-box.default\">\n\t\t\t\t<div class=\"elementor-widget-container\">\n\t\t\t\t\t<div class=\"elementor-image-box-wrapper\"><figure class=\"elementor-image-box-img\"><img decoding=\"async\" width=\"245\" height=\"247\" src=\"https:\/\/caroconfort.com\/wp-content\/uploads\/2024\/05\/cuisine-living-carroconfort.jpg\" class=\"attachment-full size-full wp-image-378\" alt=\"\" srcset=\"https:\/\/caroconfort.com\/wp-content\/uploads\/2024\/05\/cuisine-living-carroconfort.jpg 245w, https:\/\/caroconfort.com\/wp-content\/uploads\/2024\/05\/cuisine-living-carroconfort-150x150.jpg 150w\" sizes=\"(max-width: 245px) 100vw, 245px\" \/><\/figure><div class=\"elementor-image-box-content\"><p class=\"elementor-image-box-title\">Franc Jean-Louis<\/p><p class=\"elementor-image-box-description\">Verkaufsberater<br> <\/p><\/div><\/div>\t\t\t\t<\/div>\n\t\t\t\t<\/div>\n\t\t\t\t<div class=\"elementor-element elementor-element-9a76c78 elementor-position-top elementor-repeater-item-none elementor-repeater-item-none_hover elementor-widget elementor-widget-image-box\" data-id=\"9a76c78\" data-element_type=\"widget\" data-e-type=\"widget\" data-widget_type=\"image-box.default\">\n\t\t\t\t<div class=\"elementor-widget-container\">\n\t\t\t\t\t<div class=\"elementor-image-box-wrapper\"><figure class=\"elementor-image-box-img\"><img loading=\"lazy\" decoding=\"async\" width=\"247\" height=\"247\" src=\"https:\/\/caroconfort.com\/wp-content\/uploads\/2024\/05\/surface-commerciale-carroconfort.jpg\" class=\"attachment-full size-full wp-image-380\" alt=\"\" srcset=\"https:\/\/caroconfort.com\/wp-content\/uploads\/2024\/05\/surface-commerciale-carroconfort.jpg 247w, https:\/\/caroconfort.com\/wp-content\/uploads\/2024\/05\/surface-commerciale-carroconfort-150x150.jpg 150w\" sizes=\"(max-width: 247px) 100vw, 247px\" \/><\/figure><div class=\"elementor-image-box-content\"><p class=\"elementor-image-box-title\">Carballeda Antonio<\/p><p class=\"elementor-image-box-description\">Verkaufsberater, <br>Logistikmanager<\/p><\/div><\/div>\t\t\t\t<\/div>\n\t\t\t\t<\/div>\n\t\t\t\t<\/div>\n\t\t\t\t\t<\/div>\n\t\t\t\t<\/div>\n\t\t<div class=\"elementor-element elementor-element-4a03d349 elementor-repeater-item-ang_container_padding_8 e-flex e-con-boxed elementor-repeater-item-none elementor-repeater-item-none_hover e-con e-parent\" data-id=\"4a03d349\" data-element_type=\"container\" data-e-type=\"container\" data-settings=\"{&quot;ang_container_spacing_size&quot;:&quot;ang_container_padding_8&quot;}\">\n\t\t\t\t\t<div class=\"e-con-inner\">\n\t\t<div class=\"elementor-element elementor-element-27763d93 e-con-full e-flex elementor-repeater-item-default_padding elementor-repeater-item-none elementor-repeater-item-none_hover e-con e-child\" data-id=\"27763d93\" data-element_type=\"container\" data-e-type=\"container\" data-settings=\"{&quot;ang_container_spacing_size&quot;:&quot;default_padding&quot;}\">\n\t\t<div class=\"elementor-element elementor-element-4d8dda33 e-con-full elementor-repeater-item-none elementor-repeater-item-none_hover e-flex elementor-repeater-item-default_padding e-con e-child\" data-id=\"4d8dda33\" data-element_type=\"container\" data-e-type=\"container\" data-settings=\"{&quot;ang_container_spacing_size&quot;:&quot;default_padding&quot;}\">\n\t\t\t\t<div class=\"elementor-element elementor-element-13992dc8 elementor-widget__width-initial external_elementor-repeater-item-none_external elementor-repeater-item-none elementor-repeater-item-none_hover elementor-widget elementor-widget-image\" data-id=\"13992dc8\" data-element_type=\"widget\" data-e-type=\"widget\" data-widget_type=\"image.default\">\n\t\t\t\t<div class=\"elementor-widget-container\">\n\t\t\t\t\t\t\t\t\t\t\t\t\t\t\t<img loading=\"lazy\" decoding=\"async\" width=\"670\" height=\"795\" src=\"https:\/\/caroconfort.com\/wp-content\/uploads\/2024\/06\/227450_inspirations-carrelage-sejour-salon-imitation-pierre-naturelle-beige-rectangulaire-schelfhout.png\" class=\"attachment-large size-large wp-image-2058\" alt=\"\" srcset=\"https:\/\/caroconfort.com\/wp-content\/uploads\/2024\/06\/227450_inspirations-carrelage-sejour-salon-imitation-pierre-naturelle-beige-rectangulaire-schelfhout.png 670w, https:\/\/caroconfort.com\/wp-content\/uploads\/2024\/06\/227450_inspirations-carrelage-sejour-salon-imitation-pierre-naturelle-beige-rectangulaire-schelfhout-253x300.png 253w\" sizes=\"(max-width: 670px) 100vw, 670px\" \/>\t\t\t\t\t\t\t\t\t\t\t\t\t\t\t<\/div>\n\t\t\t\t<\/div>\n\t\t\t\t<div class=\"elementor-element elementor-element-14821ce elementor-widget__width-initial external_elementor-repeater-item-none_external elementor-repeater-item-none elementor-repeater-item-none_hover elementor-widget elementor-widget-image\" data-id=\"14821ce\" data-element_type=\"widget\" data-e-type=\"widget\" data-widget_type=\"image.default\">\n\t\t\t\t<div class=\"elementor-widget-container\">\n\t\t\t\t\t\t\t\t\t\t\t\t\t\t\t<img loading=\"lazy\" decoding=\"async\" width=\"700\" height=\"496\" src=\"https:\/\/caroconfort.com\/wp-content\/uploads\/2024\/05\/Nuovocorso_kauri_umber.jpg\" class=\"attachment-large size-large wp-image-584\" alt=\"\" srcset=\"https:\/\/caroconfort.com\/wp-content\/uploads\/2024\/05\/Nuovocorso_kauri_umber.jpg 700w, https:\/\/caroconfort.com\/wp-content\/uploads\/2024\/05\/Nuovocorso_kauri_umber-300x213.jpg 300w\" sizes=\"(max-width: 700px) 100vw, 700px\" \/>\t\t\t\t\t\t\t\t\t\t\t\t\t\t\t<\/div>\n\t\t\t\t<\/div>\n\t\t\t\t<\/div>\n\t\t\t\t<div class=\"elementor-element elementor-element-5ed0d415 elementor-repeater-item-none elementor-repeater-item-none_hover elementor-widget elementor-widget-google_maps\" data-id=\"5ed0d415\" data-element_type=\"widget\" data-e-type=\"widget\" data-widget_type=\"google_maps.default\">\n\t\t\t\t<div class=\"elementor-widget-container\">\n\t\t\t\t\t\t\t<div class=\"elementor-custom-embed\">\n\t\t\t<iframe loading=\"lazy\"\n\t\t\t\t\tsrc=\"https:\/\/maps.google.com\/maps?q=Rue%20de%20Gembloux%2C%20677%20-%205020%20Rhisnes&#038;t=m&#038;z=15&#038;output=embed&#038;iwloc=near\"\n\t\t\t\t\ttitle=\"Rue de Gembloux, 677 - 5020 Rhisnes\"\n\t\t\t\t\taria-label=\"Rue de Gembloux, 677 - 5020 Rhisnes\"\n\t\t\t><\/iframe>\n\t\t<\/div>\n\t\t\t\t\t\t<\/div>\n\t\t\t\t<\/div>\n\t\t\t\t<\/div>\n\t\t<div class=\"elementor-element elementor-element-6686ead5 e-con-full e-flex elementor-repeater-item-default_padding elementor-repeater-item-none elementor-repeater-item-none_hover e-con e-child\" data-id=\"6686ead5\" data-element_type=\"container\" data-e-type=\"container\" data-settings=\"{&quot;ang_container_spacing_size&quot;:&quot;default_padding&quot;}\">\n\t\t\t\t<div class=\"elementor-element elementor-element-76b82867 elementor-repeater-item-none elementor-repeater-item-none_hover elementor-widget elementor-widget-heading\" data-id=\"76b82867\" data-element_type=\"widget\" data-e-type=\"widget\" data-widget_type=\"heading.default\">\n\t\t\t\t<div class=\"elementor-widget-container\">\n\t\t\t\t\t<h2 class=\"elementor-heading-title elementor-size-default\">Wo befinden sich die anderen Fliesen-Showrooms<br> caro comfort?<\/h2>\t\t\t\t<\/div>\n\t\t\t\t<\/div>\n\t\t\t\t<div class=\"elementor-element elementor-element-44baa781 elementor-repeater-item-none elementor-repeater-item-none_hover elementor-widget elementor-widget-text-editor\" data-id=\"44baa781\" data-element_type=\"widget\" data-e-type=\"widget\" data-widget_type=\"text-editor.default\">\n\t\t\t\t<div class=\"elementor-widget-container\">\n\t\t\t\t\t\t\t\t\t<p>Sie sind nicht bereit, das Gesch\u00e4ft in Arlon zu besuchen? Caro Confort ist in mehreren anderen Showrooms in Belgien (Wallonien) und Frankreich (Lille) vertreten.<\/p>\n\t\t\t\t\t\t\t\t<\/div>\n\t\t\t\t<\/div>\n\t\t\t\t<div class=\"elementor-element elementor-element-4817da5e elementor-repeater-item-none elementor-repeater-item-none_hover elementor-widget elementor-widget-text-editor\" data-id=\"4817da5e\" data-element_type=\"widget\" data-e-type=\"widget\" data-widget_type=\"text-editor.default\">\n\t\t\t\t<div class=\"elementor-widget-container\">\n\t\t\t\t\t\t\t\t\t<ul>\n \t<li>Showroom von Battice (Herve)<\/li>\n \t<li>Showroom in L\u00fcttich (Gr\u00e2ce-Hollogne)<\/li>\n \t<li>Showroom in Lomme (Lille &#8211; Frankreich)<\/li>\n \t<li>Showroom in Namur (Rhisnes)<\/li>\n \t<li>Showroom in St. Vith<\/li>\n \t<li>Showroom in Soignies<\/li>\n<\/ul>\n<a href=\"#\">ENTDECKEN SIE ALLE CARO CONFOFT FLIESEN-SHOWROOMS<\/a>\t\t\t\t\t\t\t\t<\/div>\n\t\t\t\t<\/div>\n\t\t\t\t<\/div>\n\t\t\t\t\t<\/div>\n\t\t\t\t<\/div>\n\t\t\t\t<\/div>\n\t\t","protected":false},"excerpt":{"rendered":"<p>Der CARO CONFORT Fliesen-Showroom in Rhisnes liegt ideal am Fu\u00dfe der E42 (Ausfahrt Namur West) und ist DIE Referenz f\u00fcr Fliesen in Namur, aber auch in Charleroi, Wavre, Gembloux, Ciney, Gosselies und der gesamten Provinz Namur.<\/p>\n","protected":false},"featured_media":0,"menu_order":4,"template":"","meta":{"_acf_changed":false},"class_list":["post-4441","showrooms","type-showrooms","status-publish","hentry"],"acf":[],"_links":{"self":[{"href":"https:\/\/caroconfort.com\/de\/wp-json\/wp\/v2\/showrooms\/4441","targetHints":{"allow":["GET"]}}],"collection":[{"href":"https:\/\/caroconfort.com\/de\/wp-json\/wp\/v2\/showrooms"}],"about":[{"href":"https:\/\/caroconfort.com\/de\/wp-json\/wp\/v2\/types\/showrooms"}],"version-history":[{"count":5,"href":"https:\/\/caroconfort.com\/de\/wp-json\/wp\/v2\/showrooms\/4441\/revisions"}],"predecessor-version":[{"id":8541,"href":"https:\/\/caroconfort.com\/de\/wp-json\/wp\/v2\/showrooms\/4441\/revisions\/8541"}],"wp:attachment":[{"href":"https:\/\/caroconfort.com\/de\/wp-json\/wp\/v2\/media?parent=4441"}],"curies":[{"name":"wp","href":"https:\/\/api.w.org\/{rel}","templated":true}]}}