{"id":4429,"date":"2024-05-14T04:28:24","date_gmt":"2024-05-14T02:28:24","guid":{"rendered":"https:\/\/caroconfort.com\/nos-showrooms\/battice-fliesen-showroom\/"},"modified":"2025-04-03T20:38:02","modified_gmt":"2025-04-03T18:38:02","slug":"battice-fliesen-showroom","status":"publish","type":"showrooms","link":"https:\/\/caroconfort.com\/de\/nos-showrooms\/battice-fliesen-showroom\/","title":{"rendered":"Battice Fliesen-Showroom"},"content":{"rendered":"\t\t<div data-elementor-type=\"wp-post\" data-elementor-id=\"4429\" class=\"elementor elementor-4429 elementor-709\" data-elementor-post-type=\"showrooms\">\n\t\t\t\t<div class=\"elementor-element elementor-element-46c79e5 e-con-full elementor-repeater-item-ang_container_padding_7 e-flex sk-none elementor-repeater-item-none elementor-repeater-item-none_hover e-con e-parent\" data-id=\"46c79e5\" data-element_type=\"container\" data-e-type=\"container\" data-settings=\"{&quot;background_background&quot;:&quot;classic&quot;,&quot;ang_container_spacing_size&quot;:&quot;ang_container_padding_7&quot;}\">\n\t\t<div class=\"elementor-element elementor-element-a2f775e e-con-full e-flex elementor-repeater-item-default_padding sk-none elementor-repeater-item-none elementor-repeater-item-none_hover e-con e-child\" data-id=\"a2f775e\" data-element_type=\"container\" data-e-type=\"container\" data-settings=\"{&quot;background_background&quot;:&quot;classic&quot;,&quot;ang_container_spacing_size&quot;:&quot;default_padding&quot;}\">\n\t\t\t\t<div class=\"elementor-element elementor-element-246b0f8 elementor-widget__width-initial elementor-repeater-item-none elementor-repeater-item-none_hover elementor-widget elementor-widget-text-editor\" data-id=\"246b0f8\" data-element_type=\"widget\" data-e-type=\"widget\" data-widget_type=\"text-editor.default\">\n\t\t\t\t<div class=\"elementor-widget-container\">\n\t\t\t\t\t\t\t\t\t<h2>Das von unseren Kunden zum Ausdruck gebrachte Vertrauen wird von der Qualit\u00e4t unserer Produkte, der Relevanz unserer Beratung und dem guten Preis-Leistungs-Verh\u00e4ltnis inspiriert.<\/h2>\n\t\t\t\t\t\t\t\t<\/div>\n\t\t\t\t<\/div>\n\t\t\t\t<\/div>\n\t\t<div class=\"elementor-element elementor-element-f993e4f e-con-full e-flex elementor-repeater-item-default_padding elementor-repeater-item-none elementor-repeater-item-none_hover e-con e-child\" data-id=\"f993e4f\" data-element_type=\"container\" data-e-type=\"container\" data-settings=\"{&quot;ang_container_spacing_size&quot;:&quot;default_padding&quot;}\">\n\t\t\t\t<div class=\"elementor-element elementor-element-35909dd elementor-repeater-item-none elementor-repeater-item-none_hover elementor-widget elementor-widget-heading\" data-id=\"35909dd\" data-element_type=\"widget\" data-e-type=\"widget\" data-widget_type=\"heading.default\">\n\t\t\t\t<div class=\"elementor-widget-container\">\n\t\t\t\t\t<h2 class=\"elementor-heading-title elementor-size-default\">Die Gr\u00fcnde f\u00fcr den Erfolg?<\/h2>\t\t\t\t<\/div>\n\t\t\t\t<\/div>\n\t\t\t\t<div class=\"elementor-element elementor-element-1e4441a elementor-repeater-item-none elementor-repeater-item-none_hover elementor-widget elementor-widget-text-editor\" data-id=\"1e4441a\" data-element_type=\"widget\" data-e-type=\"widget\" data-widget_type=\"text-editor.default\">\n\t\t\t\t<div class=\"elementor-widget-container\">\n\t\t\t\t\t\t\t\t\t<ul>\n<li>Ein Fliesen-Showroom von \u00fcber 600 m\u00b2, der st\u00e4ndig mit den letzten Neuheiten aktualisiert wird.<\/li>\n<li>Qualifizierte Berater (Innenarchitekten oder Fliesenfachleute), die Sie beraten und begleiten.<\/li>\n<li>Eine gro\u00dfe Auswahl f\u00fcr jeden Geschmack und jedes Budget direkt vom Hersteller.<\/li>\n<li>Ein gro\u00dfer Vorrat, der sofort verf\u00fcgbar ist, sowohl an Fliesen als auch an technischen Produkten: Kleber, Fugen, Schalld\u00e4mmung, WEDI-Platten, SCHL\u00dcTER-Produkte, OTTO-CHEMIE-Silikone, etc.<\/li>\n<\/ul>\n\t\t\t\t\t\t\t\t<\/div>\n\t\t\t\t<\/div>\n\t\t\t\t<\/div>\n\t\t\t\t<\/div>\n\t\t<div class=\"elementor-element elementor-element-4b1e7d7 elementor-repeater-item-ang_container_padding_6 e-flex e-con-boxed elementor-repeater-item-none elementor-repeater-item-none_hover e-con e-parent\" data-id=\"4b1e7d7\" data-element_type=\"container\" data-e-type=\"container\" data-settings=\"{&quot;ang_container_spacing_size&quot;:&quot;ang_container_padding_6&quot;}\">\n\t\t\t\t\t<div class=\"e-con-inner\">\n\t\t<div class=\"elementor-element elementor-element-5ca969e e-con-full e-flex elementor-repeater-item-default_padding elementor-repeater-item-none elementor-repeater-item-none_hover e-con e-child\" data-id=\"5ca969e\" data-element_type=\"container\" data-e-type=\"container\" data-settings=\"{&quot;ang_container_spacing_size&quot;:&quot;default_padding&quot;}\">\n\t\t\t\t<div class=\"elementor-element elementor-element-c6caaba elementor-repeater-item-none elementor-repeater-item-none_hover elementor-widget elementor-widget-heading\" data-id=\"c6caaba\" data-element_type=\"widget\" data-e-type=\"widget\" data-widget_type=\"heading.default\">\n\t\t\t\t<div class=\"elementor-widget-container\">\n\t\t\t\t\t<h2 class=\"elementor-heading-title elementor-size-default\">Informationen \u00fcber das Gesch\u00e4ft \nCaro Confort in Battice<\/h2>\t\t\t\t<\/div>\n\t\t\t\t<\/div>\n\t\t\t\t<div class=\"elementor-element elementor-element-49616fa elementor-repeater-item-none elementor-repeater-item-none_hover elementor-widget elementor-widget-text-editor\" data-id=\"49616fa\" data-element_type=\"widget\" data-e-type=\"widget\" data-widget_type=\"text-editor.default\">\n\t\t\t\t<div class=\"elementor-widget-container\">\n\t\t\t\t\t\t\t\t\t<p><strong>\u00d6ffnungszeiten des Showrooms von Battice.<\/strong><\/p>\n<ul>\n<li>\u00d6ffnungszeiten: Montag bis Freitag von 9.00 bis 12.00 Uhr und von 13.00 bis 18.00 Uhr.<\/li>\n<li>Samstag: von 9.00 bis 17.00 Uhr.<\/li>\n<\/ul>\n<p><strong>\u00d6ffnungszeiten des Depots (zur Abholung).<\/strong><\/p>\n<ul>\n<li>Montag bis Freitag von 7.30 bis 12.00 Uhr und von 13.00 bis 17.30 Uhr.<\/li>\n<li>Samstag von 8.00 bis 12.00 Uhr. Keine Abholung am Samstagnachmittag!<\/li>\n<\/ul>\n<p><strong>Wir erstellen Ihre Badezimmerpl\u00e4ne in 3D!<\/strong><\/p>\n<p>Drei Personen haben die M\u00f6glichkeit, die 3D-Darstellung direkt mit den Kunden in einem speziellen Raum zu machen!<\/p>\n<p>In unserem Showroom in Battice k\u00f6nnen Sie auch<a href=\"https:\/\/caroconfort.com\/weitzer-parkett\/\">Weitzer Parkett<\/a>in einer wundersch\u00f6nen Pr\u00e4sentationsfl\u00e4che sehen.<\/p>\n\t\t\t\t\t\t\t\t<\/div>\n\t\t\t\t<\/div>\n\t\t\t\t<\/div>\n\t\t<div class=\"elementor-element elementor-element-f11bcaf e-con-full e-flex elementor-repeater-item-default_padding elementor-repeater-item-none elementor-repeater-item-none_hover e-con e-child\" data-id=\"f11bcaf\" data-element_type=\"container\" data-e-type=\"container\" data-settings=\"{&quot;ang_container_spacing_size&quot;:&quot;default_padding&quot;}\">\n\t\t\t\t<div class=\"elementor-element elementor-element-810b14a elementor-repeater-item-none elementor-repeater-item-none_hover elementor-widget elementor-widget-shortcode\" data-id=\"810b14a\" data-element_type=\"widget\" data-e-type=\"widget\" data-widget_type=\"shortcode.default\">\n\t\t\t\t<div class=\"elementor-widget-container\">\n\t\t\t\t\t\t\t<div class=\"elementor-shortcode\"><iframe loading=\"lazy\" src=\"https:\/\/www.google.com\/maps\/embed?pb=!4v1585660152148!6m8!1m7!1sCAoSLEFGMVFpcE5zLWFEbVVsUGZMUm9lampTSndibEhuWElHeUlhQ2hSMTVOWFhQ!2m2!1d50.6545252399307!2d5.79846119404192!3f29.21!4f-5.5!5f0.4000000000000002\" width=\"100%\" height=\"500\" frameborder=\"0\" style=\"border:0;\" allowfullscreen=\"\" aria-hidden=\"false\" tabindex=\"0\" data-rocket-lazyload=\"fitvidscompatible\" data-lazy-src=\"https:\/\/www.google.com\/maps\/embed?pb=!4v1585660152148!6m8!1m7!1sCAoSLEFGMVFpcE5zLWFEbVVsUGZMUm9lampTSndibEhuWElHeUlhQ2hSMTVOWFhQ!2m2!1d50.6545252399307!2d5.79846119404192!3f29.21!4f-5.5!5f0.4000000000000002\" data-ll-status=\"loaded\" class=\"entered lazyloaded\"><\/iframe><\/div>\n\t\t\t\t\t\t<\/div>\n\t\t\t\t<\/div>\n\t\t\t\t<\/div>\n\t\t\t\t\t<\/div>\n\t\t\t\t<\/div>\n\t\t<div class=\"elementor-element elementor-element-f0e2112 elementor-repeater-item-ang_container_padding_8 e-flex e-con-boxed sk-none elementor-repeater-item-none elementor-repeater-item-none_hover e-con e-parent\" data-id=\"f0e2112\" data-element_type=\"container\" data-e-type=\"container\" data-settings=\"{&quot;background_background&quot;:&quot;classic&quot;,&quot;ang_container_spacing_size&quot;:&quot;ang_container_padding_8&quot;}\">\n\t\t\t\t\t<div class=\"e-con-inner\">\n\t\t<div class=\"elementor-element elementor-element-3238e90 e-con-full e-flex elementor-repeater-item-default_padding elementor-repeater-item-none elementor-repeater-item-none_hover e-con e-child\" data-id=\"3238e90\" data-element_type=\"container\" data-e-type=\"container\" data-settings=\"{&quot;ang_container_spacing_size&quot;:&quot;default_padding&quot;}\">\n\t\t\t\t<div class=\"elementor-element elementor-element-28b749d elementor-repeater-item-none elementor-repeater-item-none_hover elementor-widget elementor-widget-heading\" data-id=\"28b749d\" data-element_type=\"widget\" data-e-type=\"widget\" data-widget_type=\"heading.default\">\n\t\t\t\t<div class=\"elementor-widget-container\">\n\t\t\t\t\t<h2 class=\"elementor-heading-title elementor-size-default\">Ein ganzes Team <span>zu Ihren Diensten<\/span><\/h2>\t\t\t\t<\/div>\n\t\t\t\t<\/div>\n\t\t\t\t<div class=\"elementor-element elementor-element-f5d5d5d elementor-repeater-item-none elementor-repeater-item-none_hover elementor-widget elementor-widget-text-editor\" data-id=\"f5d5d5d\" data-element_type=\"widget\" data-e-type=\"widget\" data-widget_type=\"text-editor.default\">\n\t\t\t\t<div class=\"elementor-widget-container\">\n\t\t\t\t\t\t\t\t\t<p>Unser Team steht Ihnen zur Verf\u00fcgung, um alle Ihre Fragen zu beantworten.<\/p>\n\t\t\t\t\t\t\t\t<\/div>\n\t\t\t\t<\/div>\n\t\t\t\t<\/div>\n\t\t<div class=\"elementor-element elementor-element-6534c17 e-con-full elementor-repeater-item-ang_container_padding_7 e-flex sk-none elementor-repeater-item-none elementor-repeater-item-none_hover e-con e-child\" data-id=\"6534c17\" data-element_type=\"container\" data-e-type=\"container\" data-settings=\"{&quot;background_background&quot;:&quot;classic&quot;,&quot;ang_container_spacing_size&quot;:&quot;ang_container_padding_7&quot;}\">\n\t\t\t\t<div class=\"elementor-element elementor-element-c0d93ea elementor-widget-mobile_extra__width-initial elementor-position-top elementor-repeater-item-none elementor-repeater-item-none_hover elementor-widget elementor-widget-image-box\" data-id=\"c0d93ea\" data-element_type=\"widget\" data-e-type=\"widget\" data-widget_type=\"image-box.default\">\n\t\t\t\t<div class=\"elementor-widget-container\">\n\t\t\t\t\t<div class=\"elementor-image-box-wrapper\"><figure class=\"elementor-image-box-img\"><img fetchpriority=\"high\" decoding=\"async\" width=\"246\" height=\"246\" src=\"https:\/\/caroconfort.com\/wp-content\/uploads\/2024\/05\/salle-de-bain-carroconfort.jpg\" class=\"attachment-full size-full wp-image-348\" alt=\"\" srcset=\"https:\/\/caroconfort.com\/wp-content\/uploads\/2024\/05\/salle-de-bain-carroconfort.jpg 246w, https:\/\/caroconfort.com\/wp-content\/uploads\/2024\/05\/salle-de-bain-carroconfort-150x150.jpg 150w\" sizes=\"(max-width: 246px) 100vw, 246px\" \/><\/figure><div class=\"elementor-image-box-content\"><p class=\"elementor-image-box-title\">Ledain Fr\u00e9d\u00e9ric<\/p><p class=\"elementor-image-box-description\">Showroom Manager, <br>Verkaufsberater<\/p><\/div><\/div>\t\t\t\t<\/div>\n\t\t\t\t<\/div>\n\t\t\t\t<div class=\"elementor-element elementor-element-cbda5ed elementor-widget-mobile_extra__width-initial elementor-position-top elementor-repeater-item-none elementor-repeater-item-none_hover elementor-widget elementor-widget-image-box\" data-id=\"cbda5ed\" data-element_type=\"widget\" data-e-type=\"widget\" data-widget_type=\"image-box.default\">\n\t\t\t\t<div class=\"elementor-widget-container\">\n\t\t\t\t\t<div class=\"elementor-image-box-wrapper\"><figure class=\"elementor-image-box-img\"><img decoding=\"async\" width=\"247\" height=\"247\" src=\"https:\/\/caroconfort.com\/wp-content\/uploads\/2024\/05\/magasin-caro-confort-marazzi-oltre-imitation-parquet-showroom-carrelages.jpg\" class=\"attachment-full size-full wp-image-373\" alt=\"\" srcset=\"https:\/\/caroconfort.com\/wp-content\/uploads\/2024\/05\/magasin-caro-confort-marazzi-oltre-imitation-parquet-showroom-carrelages.jpg 247w, https:\/\/caroconfort.com\/wp-content\/uploads\/2024\/05\/magasin-caro-confort-marazzi-oltre-imitation-parquet-showroom-carrelages-150x150.jpg 150w\" sizes=\"(max-width: 247px) 100vw, 247px\" \/><\/figure><div class=\"elementor-image-box-content\"><p class=\"elementor-image-box-title\">Weber Julie<\/p><p class=\"elementor-image-box-description\">Innenarchitektin, <br>Verkaufsberaterin<\/p><\/div><\/div>\t\t\t\t<\/div>\n\t\t\t\t<\/div>\n\t\t\t\t<div class=\"elementor-element elementor-element-3cee0c6 elementor-widget-mobile_extra__width-initial elementor-position-top elementor-repeater-item-none elementor-repeater-item-none_hover elementor-widget elementor-widget-image-box\" data-id=\"3cee0c6\" data-element_type=\"widget\" data-e-type=\"widget\" data-widget_type=\"image-box.default\">\n\t\t\t\t<div class=\"elementor-widget-container\">\n\t\t\t\t\t<div class=\"elementor-image-box-wrapper\"><figure class=\"elementor-image-box-img\"><img decoding=\"async\" width=\"245\" height=\"247\" src=\"https:\/\/caroconfort.com\/wp-content\/uploads\/2024\/05\/cuisine-living-carroconfort.jpg\" class=\"attachment-full size-full wp-image-378\" alt=\"\" srcset=\"https:\/\/caroconfort.com\/wp-content\/uploads\/2024\/05\/cuisine-living-carroconfort.jpg 245w, https:\/\/caroconfort.com\/wp-content\/uploads\/2024\/05\/cuisine-living-carroconfort-150x150.jpg 150w\" sizes=\"(max-width: 245px) 100vw, 245px\" \/><\/figure><div class=\"elementor-image-box-content\"><p class=\"elementor-image-box-title\">Gyet Rachel<\/p><p class=\"elementor-image-box-description\">Verkaufsberaterin<br> <\/p><\/div><\/div>\t\t\t\t<\/div>\n\t\t\t\t<\/div>\n\t\t\t\t<div class=\"elementor-element elementor-element-44a93b6 elementor-widget-mobile_extra__width-initial elementor-position-top elementor-repeater-item-none elementor-repeater-item-none_hover elementor-widget elementor-widget-image-box\" data-id=\"44a93b6\" data-element_type=\"widget\" data-e-type=\"widget\" data-widget_type=\"image-box.default\">\n\t\t\t\t<div class=\"elementor-widget-container\">\n\t\t\t\t\t<div class=\"elementor-image-box-wrapper\"><figure class=\"elementor-image-box-img\"><img loading=\"lazy\" decoding=\"async\" width=\"247\" height=\"247\" src=\"https:\/\/caroconfort.com\/wp-content\/uploads\/2024\/05\/surface-commerciale-carroconfort.jpg\" class=\"attachment-full size-full wp-image-380\" alt=\"\" srcset=\"https:\/\/caroconfort.com\/wp-content\/uploads\/2024\/05\/surface-commerciale-carroconfort.jpg 247w, https:\/\/caroconfort.com\/wp-content\/uploads\/2024\/05\/surface-commerciale-carroconfort-150x150.jpg 150w\" sizes=\"(max-width: 247px) 100vw, 247px\" \/><\/figure><div class=\"elementor-image-box-content\"><p class=\"elementor-image-box-title\">Glaser Christelle<\/p><p class=\"elementor-image-box-description\">Leiter der Abteilung <br>Buchhaltung<\/p><\/div><\/div>\t\t\t\t<\/div>\n\t\t\t\t<\/div>\n\t\t\t\t<\/div>\n\t\t\t\t\t<\/div>\n\t\t\t\t<\/div>\n\t\t<div class=\"elementor-element elementor-element-a1b6429 elementor-repeater-item-ang_container_padding_8 e-flex e-con-boxed elementor-repeater-item-none elementor-repeater-item-none_hover e-con e-parent\" data-id=\"a1b6429\" data-element_type=\"container\" data-e-type=\"container\" data-settings=\"{&quot;ang_container_spacing_size&quot;:&quot;ang_container_padding_8&quot;}\">\n\t\t\t\t\t<div class=\"e-con-inner\">\n\t\t<div class=\"elementor-element elementor-element-809c472 e-con-full e-flex elementor-repeater-item-default_padding elementor-repeater-item-none elementor-repeater-item-none_hover e-con e-child\" data-id=\"809c472\" data-element_type=\"container\" data-e-type=\"container\" data-settings=\"{&quot;ang_container_spacing_size&quot;:&quot;default_padding&quot;}\">\n\t\t<div class=\"elementor-element elementor-element-99f49f7 e-con-full elementor-repeater-item-none elementor-repeater-item-none_hover e-flex elementor-repeater-item-default_padding e-con e-child\" data-id=\"99f49f7\" data-element_type=\"container\" data-e-type=\"container\" data-settings=\"{&quot;ang_container_spacing_size&quot;:&quot;default_padding&quot;}\">\n\t\t\t\t<div class=\"elementor-element elementor-element-85d8553 elementor-widget__width-initial external_elementor-repeater-item-none_external elementor-repeater-item-none elementor-repeater-item-none_hover elementor-widget elementor-widget-image\" data-id=\"85d8553\" data-element_type=\"widget\" data-e-type=\"widget\" data-widget_type=\"image.default\">\n\t\t\t\t<div class=\"elementor-widget-container\">\n\t\t\t\t\t\t\t\t\t\t\t\t\t\t\t<img loading=\"lazy\" decoding=\"async\" width=\"670\" height=\"795\" src=\"https:\/\/caroconfort.com\/wp-content\/uploads\/2024\/06\/227450_inspirations-carrelage-sejour-salon-imitation-pierre-naturelle-beige-rectangulaire-schelfhout.png\" class=\"attachment-large size-large wp-image-2058\" alt=\"\" srcset=\"https:\/\/caroconfort.com\/wp-content\/uploads\/2024\/06\/227450_inspirations-carrelage-sejour-salon-imitation-pierre-naturelle-beige-rectangulaire-schelfhout.png 670w, https:\/\/caroconfort.com\/wp-content\/uploads\/2024\/06\/227450_inspirations-carrelage-sejour-salon-imitation-pierre-naturelle-beige-rectangulaire-schelfhout-253x300.png 253w\" sizes=\"(max-width: 670px) 100vw, 670px\" \/>\t\t\t\t\t\t\t\t\t\t\t\t\t\t\t<\/div>\n\t\t\t\t<\/div>\n\t\t\t\t<div class=\"elementor-element elementor-element-487e9aa elementor-widget__width-initial external_elementor-repeater-item-none_external elementor-repeater-item-none elementor-repeater-item-none_hover elementor-widget elementor-widget-image\" data-id=\"487e9aa\" data-element_type=\"widget\" data-e-type=\"widget\" data-widget_type=\"image.default\">\n\t\t\t\t<div class=\"elementor-widget-container\">\n\t\t\t\t\t\t\t\t\t\t\t\t\t\t\t<img loading=\"lazy\" decoding=\"async\" width=\"700\" height=\"496\" src=\"https:\/\/caroconfort.com\/wp-content\/uploads\/2024\/05\/Nuovocorso_kauri_umber.jpg\" class=\"attachment-large size-large wp-image-584\" alt=\"\" srcset=\"https:\/\/caroconfort.com\/wp-content\/uploads\/2024\/05\/Nuovocorso_kauri_umber.jpg 700w, https:\/\/caroconfort.com\/wp-content\/uploads\/2024\/05\/Nuovocorso_kauri_umber-300x213.jpg 300w\" sizes=\"(max-width: 700px) 100vw, 700px\" \/>\t\t\t\t\t\t\t\t\t\t\t\t\t\t\t<\/div>\n\t\t\t\t<\/div>\n\t\t\t\t<\/div>\n\t\t\t\t<div class=\"elementor-element elementor-element-4e2d710 elementor-repeater-item-none elementor-repeater-item-none_hover elementor-widget elementor-widget-google_maps\" data-id=\"4e2d710\" data-element_type=\"widget\" data-e-type=\"widget\" data-widget_type=\"google_maps.default\">\n\t\t\t\t<div class=\"elementor-widget-container\">\n\t\t\t\t\t\t\t<div class=\"elementor-custom-embed\">\n\t\t\t<iframe loading=\"lazy\"\n\t\t\t\t\tsrc=\"https:\/\/maps.google.com\/maps?q=Route%20de%20Maestricht%2096%2C%204651%20Battice&#038;t=m&#038;z=15&#038;output=embed&#038;iwloc=near\"\n\t\t\t\t\ttitle=\"Route de Maestricht 96, 4651 Battice\"\n\t\t\t\t\taria-label=\"Route de Maestricht 96, 4651 Battice\"\n\t\t\t><\/iframe>\n\t\t<\/div>\n\t\t\t\t\t\t<\/div>\n\t\t\t\t<\/div>\n\t\t\t\t<\/div>\n\t\t<div class=\"elementor-element elementor-element-a53d254 e-con-full e-flex elementor-repeater-item-default_padding elementor-repeater-item-none elementor-repeater-item-none_hover e-con e-child\" data-id=\"a53d254\" data-element_type=\"container\" data-e-type=\"container\" data-settings=\"{&quot;ang_container_spacing_size&quot;:&quot;default_padding&quot;}\">\n\t\t\t\t<div class=\"elementor-element elementor-element-9fc128e elementor-repeater-item-none elementor-repeater-item-none_hover elementor-widget elementor-widget-heading\" data-id=\"9fc128e\" data-element_type=\"widget\" data-e-type=\"widget\" data-widget_type=\"heading.default\">\n\t\t\t\t<div class=\"elementor-widget-container\">\n\t\t\t\t\t<h2 class=\"elementor-heading-title elementor-size-default\">Wo befinden sich die anderen Fliesen-Showrooms<br> caro comfort?<\/h2>\t\t\t\t<\/div>\n\t\t\t\t<\/div>\n\t\t\t\t<div class=\"elementor-element elementor-element-72c1cc9 elementor-repeater-item-none elementor-repeater-item-none_hover elementor-widget elementor-widget-text-editor\" data-id=\"72c1cc9\" data-element_type=\"widget\" data-e-type=\"widget\" data-widget_type=\"text-editor.default\">\n\t\t\t\t<div class=\"elementor-widget-container\">\n\t\t\t\t\t\t\t\t\t<p>Sie sind nicht bereit, das Gesch\u00e4ft in Arlon zu besuchen? Caro Confort ist in mehreren anderen Showrooms in Belgien (Wallonien) und Frankreich (Lille) vertreten.<\/p>\n\t\t\t\t\t\t\t\t<\/div>\n\t\t\t\t<\/div>\n\t\t\t\t<div class=\"elementor-element elementor-element-4567c75 elementor-repeater-item-none elementor-repeater-item-none_hover elementor-widget elementor-widget-text-editor\" data-id=\"4567c75\" data-element_type=\"widget\" data-e-type=\"widget\" data-widget_type=\"text-editor.default\">\n\t\t\t\t<div class=\"elementor-widget-container\">\n\t\t\t\t\t\t\t\t\t<ul>\n \t<li>Showroom von Battice (Herve)<\/li>\n \t<li>Showroom in L\u00fcttich (Gr\u00e2ce-Hollogne)<\/li>\n \t<li>Showroom in Lomme (Lille &#8211; Frankreich)<\/li>\n \t<li>Showroom in Namur (Rhisnes)<\/li>\n \t<li>Showroom in St. Vith<\/li>\n \t<li>Showroom in Soignies<\/li>\n<\/ul>\n<a href=\"#\">ENTDECKEN SIE ALLE CARO CONFOFT FLIESEN-SHOWROOMS<\/a>\t\t\t\t\t\t\t\t<\/div>\n\t\t\t\t<\/div>\n\t\t\t\t<\/div>\n\t\t\t\t\t<\/div>\n\t\t\t\t<\/div>\n\t\t\t\t<\/div>\n\t\t","protected":false},"excerpt":{"rendered":"<p>CARO CONFORT wurde 1981 in der Wiege von Herve gegr\u00fcndet und ist die Referenz f\u00fcr Fliesen in Battice, Herve, Verviers und in der gesamten Region. Wir haben unser Angebot mit den Trends weiterentwickelt, damit es modern ist und immer mehr der Nachfrage entspricht.<br \/>\nViele Haushalte haben hier ihre Fliesen gekauft und heute, 10 oder 20 Jahre sp\u00e4ter, sind es die Kinder dieser Familien, die wir jede Woche begr\u00fc\u00dfen d\u00fcrfen!<\/p>\n","protected":false},"featured_media":0,"menu_order":1,"template":"","meta":{"_acf_changed":false},"class_list":["post-4429","showrooms","type-showrooms","status-publish","hentry"],"acf":[],"_links":{"self":[{"href":"https:\/\/caroconfort.com\/de\/wp-json\/wp\/v2\/showrooms\/4429","targetHints":{"allow":["GET"]}}],"collection":[{"href":"https:\/\/caroconfort.com\/de\/wp-json\/wp\/v2\/showrooms"}],"about":[{"href":"https:\/\/caroconfort.com\/de\/wp-json\/wp\/v2\/types\/showrooms"}],"version-history":[{"count":6,"href":"https:\/\/caroconfort.com\/de\/wp-json\/wp\/v2\/showrooms\/4429\/revisions"}],"predecessor-version":[{"id":8519,"href":"https:\/\/caroconfort.com\/de\/wp-json\/wp\/v2\/showrooms\/4429\/revisions\/8519"}],"wp:attachment":[{"href":"https:\/\/caroconfort.com\/de\/wp-json\/wp\/v2\/media?parent=4429"}],"curies":[{"name":"wp","href":"https:\/\/api.w.org\/{rel}","templated":true}]}}